{"id":12,"date":"2023-10-26T20:00:01","date_gmt":"2023-10-26T20:00:01","guid":{"rendered":"https:\/\/korrflex.com\/?page_id=12"},"modified":"2024-01-21T13:24:35","modified_gmt":"2024-01-21T13:24:35","slug":"project-details","status":"publish","type":"page","link":"https:\/\/korrflex.com\/index.php\/project-details\/","title":{"rendered":"Project Details"},"content":{"rendered":"\n<div class=\"wp-block-cover alignfull is-light\" style=\"min-height:320px\"><span aria-hidden=\"true\" class=\"wp-block-cover__background has-nv-site-bg-background-color has-background-dim-100 has-background-dim\"><\/span><div class=\"wp-block-cover__inner-container is-layout-flow wp-block-cover-is-layout-flow\">\n<div class=\"wp-block-group is-layout-flow wp-block-group-is-layout-flow\"><div class=\"wp-block-group__inner-container\">\n<div class=\"wp-block-columns are-vertically-aligned-center is-layout-flex wp-container-core-columns-layout-1 wp-block-columns-is-layout-flex\">\n<div class=\"wp-block-column is-vertically-aligned-center is-layout-flow wp-block-column-is-layout-flow\" style=\"flex-basis:100%\">\n<h1 class=\"wp-block-heading has-text-align-left has-neve-text-color-color has-text-color\">Term\u00e9kek<\/h1>\n\n\n\n<p class=\"has-neve-text-color-color has-text-color\" style=\"font-size:22px\">Term\u00e9keink minden esetben egyedileg k\u00e9sz\u00fclnek v\u00e1s\u00e1rl\u00f3ink ig\u00e9nyeihez igazodva.<\/p>\n\n\n\n<p>Alapanyagunk rozsdamentes ac\u00e9l, melyet marat\u00e1sos elj\u00e1r\u00e1ssal feliratozunk \u00edgy t\u00e9ve a grafik\u00e1t kop\u00e1s \u00e9s id\u0151t\u00e1ll\u00f3v\u00e1.<\/p>\n\n\n\n<p class=\"has-text-align-left\">                                        <img loading=\"lazy\" decoding=\"async\" width=\"702\" height=\"532\" class=\"wp-image-92\" style=\"width: 400px;\" src=\"https:\/\/korrflex.com\/wp-content\/uploads\/2024\/01\/acel.jpg\" alt=\"\" srcset=\"https:\/\/korrflex.com\/wp-content\/uploads\/2024\/01\/acel.jpg 702w, https:\/\/korrflex.com\/wp-content\/uploads\/2024\/01\/acel-300x227.jpg 300w\" sizes=\"(max-width: 702px) 100vw, 702px\" \/><\/p>\n\n\n\n<p>Annak \u00e9rdek\u00e9ben, hogy a grafika k\u00f6nnyen olvashat\u00f3 \u00e9s l\u00e1tv\u00e1nyos legyen a mart fel\u00fcletet fest\u00e9kkel t\u00f6ltj\u00fck fel.<\/p>\n<\/div>\n<\/div>\n<\/div><\/div>\n<\/div><\/div>\n","protected":false},"excerpt":{"rendered":"","protected":false},"author":1,"featured_media":15,"parent":0,"menu_order":0,"comment_status":"closed","ping_status":"closed","template":"","meta":{"neve_meta_sidebar":"","neve_meta_container":"","neve_meta_enable_content_width":"on","neve_meta_content_width":100,"neve_meta_title_alignment":"","neve_meta_author_avatar":"","neve_post_elements_order":"","neve_meta_disable_header":"","neve_meta_disable_footer":"","neve_meta_disable_title":"on","footnotes":""},"_links":{"self":[{"href":"https:\/\/korrflex.com\/index.php\/wp-json\/wp\/v2\/pages\/12"}],"collection":[{"href":"https:\/\/korrflex.com\/index.php\/wp-json\/wp\/v2\/pages"}],"about":[{"href":"https:\/\/korrflex.com\/index.php\/wp-json\/wp\/v2\/types\/page"}],"author":[{"embeddable":true,"href":"https:\/\/korrflex.com\/index.php\/wp-json\/wp\/v2\/users\/1"}],"replies":[{"embeddable":true,"href":"https:\/\/korrflex.com\/index.php\/wp-json\/wp\/v2\/comments?post=12"}],"version-history":[{"count":3,"href":"https:\/\/korrflex.com\/index.php\/wp-json\/wp\/v2\/pages\/12\/revisions"}],"predecessor-version":[{"id":93,"href":"https:\/\/korrflex.com\/index.php\/wp-json\/wp\/v2\/pages\/12\/revisions\/93"}],"wp:featuredmedia":[{"embeddable":true,"href":"https:\/\/korrflex.com\/index.php\/wp-json\/wp\/v2\/media\/15"}],"wp:attachment":[{"href":"https:\/\/korrflex.com\/index.php\/wp-json\/wp\/v2\/media?parent=12"}],"curies":[{"name":"wp","href":"https:\/\/api.w.org\/{rel}","templated":true}]}}